{"id":65091,"date":"2021-12-10T22:48:52","date_gmt":"2021-12-10T21:48:52","guid":{"rendered":"https:\/\/faktumonline.com\/comment-adapter-une-porte-a-une-facade-de-tiroir\/"},"modified":"2021-12-10T22:48:52","modified_gmt":"2021-12-10T21:48:52","slug":"comment-adapter-une-porte-a-une-facade-de-tiroir","status":"publish","type":"page","link":"https:\/\/faktumonline.com\/fr\/comment-adapter-une-porte-a-une-facade-de-tiroir\/","title":{"rendered":"Comment adapter une porte \u00e0 une fa\u00e7ade de tiroir"},"content":{"rendered":"\t\t<div data-elementor-type=\"wp-page\" data-elementor-id=\"65091\" class=\"elementor elementor-65091 elementor-64626\" data-elementor-settings=\"{&quot;ha_cmc_init_switcher&quot;:&quot;no&quot;}\" data-elementor-post-type=\"page\">\n\t\t\t\t\t\t<section class=\"elementor-section elementor-top-section elementor-element elementor-element-43633e0e elementor-section-stretched elementor-section-boxed elementor-section-height-default elementor-section-height-default\" data-id=\"43633e0e\" data-element_type=\"section\" data-e-type=\"section\" data-settings=\"{&quot;stretch_section&quot;:&quot;section-stretched&quot;,&quot;background_background&quot;:&quot;classic&quot;,&quot;_ha_eqh_enable&quot;:false}\">\n\t\t\t\t\t\t<div class=\"elementor-container elementor-column-gap-default\">\n\t\t\t\t\t<div class=\"elementor-column elementor-col-100 elementor-top-column elementor-element elementor-element-326e648c\" data-id=\"326e648c\" data-element_type=\"column\" data-e-type=\"column\">\n\t\t\t<div class=\"elementor-widget-wrap elementor-element-populated\">\n\t\t\t\t\t\t<div class=\"elementor-element elementor-element-30dbad7 elementor-widget elementor-widget-heading\" data-id=\"30dbad7\" data-element_type=\"widget\" data-e-type=\"widget\" data-widget_type=\"heading.default\">\n\t\t\t\t<div class=\"elementor-widget-container\">\n\t\t\t\t\t<h1 class=\"elementor-heading-title elementor-size-default\">Comment adapter votre nouvelle fa\u00e7ade avec le pr\u00e9-per\u00e7age de votre ancienne fa\u00e7ade de tiroir.<\/h1>\t\t\t\t<\/div>\n\t\t\t\t<\/div>\n\t\t\t\t\t<\/div>\n\t\t<\/div>\n\t\t\t\t\t<\/div>\n\t\t<\/section>\n\t\t\t\t<section class=\"elementor-section elementor-top-section elementor-element elementor-element-faa274c elementor-section-boxed elementor-section-height-default elementor-section-height-default\" data-id=\"faa274c\" data-element_type=\"section\" data-e-type=\"section\" data-settings=\"{&quot;_ha_eqh_enable&quot;:false}\">\n\t\t\t\t\t\t<div class=\"elementor-container elementor-column-gap-default\">\n\t\t\t\t\t<div class=\"elementor-column elementor-col-100 elementor-top-column elementor-element elementor-element-be4c947\" data-id=\"be4c947\" data-element_type=\"column\" data-e-type=\"column\">\n\t\t\t<div class=\"elementor-widget-wrap elementor-element-populated\">\n\t\t\t\t\t\t<div class=\"elementor-element elementor-element-2fb0b552 elementor-widget elementor-widget-text-editor\" data-id=\"2fb0b552\" data-element_type=\"widget\" data-e-type=\"widget\" data-widget_type=\"text-editor.default\">\n\t\t\t\t<div class=\"elementor-widget-container\">\n\t\t\t\t\t\t\t\t\t<p>&nbsp;<\/p>\n\t\t\t\t\t\t\t\t<\/div>\n\t\t\t\t<\/div>\n\t\t\t\t<div class=\"elementor-element elementor-element-9e6d43b elementor-widget elementor-widget-text-editor\" data-id=\"9e6d43b\" data-element_type=\"widget\" data-e-type=\"widget\" data-widget_type=\"text-editor.default\">\n\t\t\t\t<div class=\"elementor-widget-container\">\n\t\t\t\t\t\t\t\t\t<p>Trouvez ci-dessous les \u00e9tapes pour faire une copie de l\u2019emplacement du pr\u00e9-per\u00e7age de vos anciennes fa\u00e7ades de tiroir sur vos nouvelles fa\u00e7ades.<br \/>\nIKEA n\u2019a jamais vendu les fa\u00e7ades de porte de 125 et 195 cm comme \u00ab fa\u00e7ade de tiroir \u00bb. Si vous regardez au dos votre fa\u00e7ade, vous notez qu\u2019elle est pr\u00e9-perc\u00e9e pour recevoir des charni\u00e8res de porte. Nous savons par exp\u00e9rience que certains clients ont perc\u00e9s cette porte pour pouvoir la fixer sur un tiroir. \u00c9tant donn\u00e9 que ces per\u00e7ages ne font pas parti des mesures des plans originaux d\u2019IKEA et qu\u2019ils peuvent \u00eatre diff\u00e9rents d\u2019un client \u00e0 l\u2019autre, nous ne pouvons pas effectuer de pr\u00e9-per\u00e7age en usine.<\/p>\n<p>Vous pouvez n\u00e9anmoins r\u00e9soudre le probl\u00e8me en utilisant votre ancienne fa\u00e7ade comme gabarit pour pouvoir pr\u00e9-percer la nouvelle. Faites comme suit :<\/p>\n<p>1) Commandez une porte sans pr\u00e9-per\u00e7age.<br \/>\n2) D\u00e8s r\u00e9ception, placez la nouvelle fa\u00e7ade sur le sol, cot\u00e9 dos vers le haut.<br \/>\n3) Placez l\u2019ancienne fa\u00e7ade sur la nouvelle, cot\u00e9 dos vers le haut.<br \/>\n4) Percez \u00e0 travers l\u2019ancienne fa\u00e7ade jusqu\u2019\u00e0 atteindre la nouvelle.<br \/>\n5) Vous avez cr\u00e9\u00e9 une copie de votre ancienne fa\u00e7ade pr\u00e9-perc\u00e9e aux emplacements de vos support de tiroirs.<\/p>\n\t\t\t\t\t\t\t\t<\/div>\n\t\t\t\t<\/div>\n\t\t\t\t\t<\/div>\n\t\t<\/div>\n\t\t\t\t\t<\/div>\n\t\t<\/section>\n\t\t\t\t<\/div>\n\t\t","protected":false},"excerpt":{"rendered":"<p>Comment adapter votre nouvelle fa\u00e7ade avec le pr\u00e9-per\u00e7age de votre ancienne fa\u00e7ade de tiroir. &nbsp; Trouvez ci-dessous les \u00e9tapes pour faire une copie de l\u2019emplacement du pr\u00e9-per\u00e7age de vos anciennes fa\u00e7ades de tiroir sur vos nouvelles fa\u00e7ades. IKEA n\u2019a jamais vendu les fa\u00e7ades de porte de 125 et 195 cm comme \u00ab fa\u00e7ade de tiroir &#8230; <a title=\"Comment adapter une porte \u00e0 une fa\u00e7ade de tiroir\" class=\"read-more\" href=\"https:\/\/faktumonline.com\/fr\/comment-adapter-une-porte-a-une-facade-de-tiroir\/\" aria-label=\"En savoir plus sur Comment adapter une porte \u00e0 une fa\u00e7ade de tiroir\">Lire la suite<\/a><\/p>\n","protected":false},"author":2,"featured_media":0,"parent":0,"menu_order":0,"comment_status":"closed","ping_status":"closed","template":"elementor_header_footer","meta":{"footnotes":""},"class_list":["post-65091","page","type-page","status-publish"],"yoast_head":"<!-- This site is optimized with the Yoast SEO Premium plugin v27.4 (Yoast SEO v27.4) - https:\/\/yoast.com\/product\/yoast-seo-premium-wordpress\/ -->\n<title>Comment adapter une porte \u00e0 une fa\u00e7ade de tiroir - Faktum online store<\/title>\n<meta name=\"robots\" content=\"index, follow, max-snippet:-1, max-image-preview:large, max-video-preview:-1\" \/>\n<link rel=\"canonical\" href=\"https:\/\/faktumonline.com\/fr\/comment-adapter-une-porte-a-une-facade-de-tiroir\/\" \/>\n<meta property=\"og:locale\" content=\"fr_FR\" \/>\n<meta property=\"og:type\" content=\"article\" \/>\n<meta property=\"og:title\" content=\"Comment adapter une porte \u00e0 une fa\u00e7ade de tiroir\" \/>\n<meta property=\"og:description\" content=\"Comment adapter votre nouvelle fa\u00e7ade avec le pr\u00e9-per\u00e7age de votre ancienne fa\u00e7ade de tiroir. &nbsp; Trouvez ci-dessous les \u00e9tapes pour faire une copie de l\u2019emplacement du pr\u00e9-per\u00e7age de vos anciennes fa\u00e7ades de tiroir sur vos nouvelles fa\u00e7ades. IKEA n\u2019a jamais vendu les fa\u00e7ades de porte de 125 et 195 cm comme \u00ab fa\u00e7ade de tiroir ... Lire la suite\" \/>\n<meta property=\"og:url\" content=\"https:\/\/faktumonline.com\/fr\/comment-adapter-une-porte-a-une-facade-de-tiroir\/\" \/>\n<meta property=\"og:site_name\" content=\"Faktum online store\" \/>\n<meta name=\"twitter:card\" content=\"summary_large_image\" \/>\n<meta name=\"twitter:label1\" content=\"Dur\u00e9e de lecture estim\u00e9e\" \/>\n\t<meta name=\"twitter:data1\" content=\"1 minute\" \/>\n<script type=\"application\/ld+json\" class=\"yoast-schema-graph\">{\"@context\":\"https:\\\/\\\/schema.org\",\"@graph\":[{\"@type\":\"WebPage\",\"@id\":\"https:\\\/\\\/faktumonline.com\\\/fr\\\/comment-adapter-une-porte-a-une-facade-de-tiroir\\\/\",\"url\":\"https:\\\/\\\/faktumonline.com\\\/fr\\\/comment-adapter-une-porte-a-une-facade-de-tiroir\\\/\",\"name\":\"Comment adapter une porte \u00e0 une fa\u00e7ade de tiroir - Faktum online store\",\"isPartOf\":{\"@id\":\"https:\\\/\\\/faktumonline.com\\\/da\\\/#website\"},\"datePublished\":\"2021-12-10T21:48:52+00:00\",\"breadcrumb\":{\"@id\":\"https:\\\/\\\/faktumonline.com\\\/fr\\\/comment-adapter-une-porte-a-une-facade-de-tiroir\\\/#breadcrumb\"},\"inLanguage\":\"fr-FR\",\"potentialAction\":[{\"@type\":\"ReadAction\",\"target\":[\"https:\\\/\\\/faktumonline.com\\\/fr\\\/comment-adapter-une-porte-a-une-facade-de-tiroir\\\/\"]}]},{\"@type\":\"BreadcrumbList\",\"@id\":\"https:\\\/\\\/faktumonline.com\\\/fr\\\/comment-adapter-une-porte-a-une-facade-de-tiroir\\\/#breadcrumb\",\"itemListElement\":[{\"@type\":\"ListItem\",\"position\":1,\"name\":\"Hem\",\"item\":\"https:\\\/\\\/faktumonline.com\\\/fr\\\/\"},{\"@type\":\"ListItem\",\"position\":2,\"name\":\"Comment adapter une porte \u00e0 une fa\u00e7ade de tiroir\"}]},{\"@type\":\"WebSite\",\"@id\":\"https:\\\/\\\/faktumonline.com\\\/da\\\/#website\",\"url\":\"https:\\\/\\\/faktumonline.com\\\/da\\\/\",\"name\":\"Faktum Online Store\",\"description\":\"Premium doors for IKEA kitchens\",\"potentialAction\":[{\"@type\":\"SearchAction\",\"target\":{\"@type\":\"EntryPoint\",\"urlTemplate\":\"https:\\\/\\\/faktumonline.com\\\/da\\\/?s={search_term_string}\"},\"query-input\":{\"@type\":\"PropertyValueSpecification\",\"valueRequired\":true,\"valueName\":\"search_term_string\"}}],\"inLanguage\":\"fr-FR\"}]}<\/script>\n<!-- \/ Yoast SEO Premium plugin. -->","yoast_head_json":{"title":"Comment adapter une porte \u00e0 une fa\u00e7ade de tiroir - Faktum online store","robots":{"index":"index","follow":"follow","max-snippet":"max-snippet:-1","max-image-preview":"max-image-preview:large","max-video-preview":"max-video-preview:-1"},"canonical":"https:\/\/faktumonline.com\/fr\/comment-adapter-une-porte-a-une-facade-de-tiroir\/","og_locale":"fr_FR","og_type":"article","og_title":"Comment adapter une porte \u00e0 une fa\u00e7ade de tiroir","og_description":"Comment adapter votre nouvelle fa\u00e7ade avec le pr\u00e9-per\u00e7age de votre ancienne fa\u00e7ade de tiroir. &nbsp; Trouvez ci-dessous les \u00e9tapes pour faire une copie de l\u2019emplacement du pr\u00e9-per\u00e7age de vos anciennes fa\u00e7ades de tiroir sur vos nouvelles fa\u00e7ades. IKEA n\u2019a jamais vendu les fa\u00e7ades de porte de 125 et 195 cm comme \u00ab fa\u00e7ade de tiroir ... Lire la suite","og_url":"https:\/\/faktumonline.com\/fr\/comment-adapter-une-porte-a-une-facade-de-tiroir\/","og_site_name":"Faktum online store","twitter_card":"summary_large_image","twitter_misc":{"Dur\u00e9e de lecture estim\u00e9e":"1 minute"},"schema":{"@context":"https:\/\/schema.org","@graph":[{"@type":"WebPage","@id":"https:\/\/faktumonline.com\/fr\/comment-adapter-une-porte-a-une-facade-de-tiroir\/","url":"https:\/\/faktumonline.com\/fr\/comment-adapter-une-porte-a-une-facade-de-tiroir\/","name":"Comment adapter une porte \u00e0 une fa\u00e7ade de tiroir - Faktum online store","isPartOf":{"@id":"https:\/\/faktumonline.com\/da\/#website"},"datePublished":"2021-12-10T21:48:52+00:00","breadcrumb":{"@id":"https:\/\/faktumonline.com\/fr\/comment-adapter-une-porte-a-une-facade-de-tiroir\/#breadcrumb"},"inLanguage":"fr-FR","potentialAction":[{"@type":"ReadAction","target":["https:\/\/faktumonline.com\/fr\/comment-adapter-une-porte-a-une-facade-de-tiroir\/"]}]},{"@type":"BreadcrumbList","@id":"https:\/\/faktumonline.com\/fr\/comment-adapter-une-porte-a-une-facade-de-tiroir\/#breadcrumb","itemListElement":[{"@type":"ListItem","position":1,"name":"Hem","item":"https:\/\/faktumonline.com\/fr\/"},{"@type":"ListItem","position":2,"name":"Comment adapter une porte \u00e0 une fa\u00e7ade de tiroir"}]},{"@type":"WebSite","@id":"https:\/\/faktumonline.com\/da\/#website","url":"https:\/\/faktumonline.com\/da\/","name":"Faktum Online Store","description":"Premium doors for IKEA kitchens","potentialAction":[{"@type":"SearchAction","target":{"@type":"EntryPoint","urlTemplate":"https:\/\/faktumonline.com\/da\/?s={search_term_string}"},"query-input":{"@type":"PropertyValueSpecification","valueRequired":true,"valueName":"search_term_string"}}],"inLanguage":"fr-FR"}]}},"_links":{"self":[{"href":"https:\/\/faktumonline.com\/fr\/wp-json\/wp\/v2\/pages\/65091","targetHints":{"allow":["GET"]}}],"collection":[{"href":"https:\/\/faktumonline.com\/fr\/wp-json\/wp\/v2\/pages"}],"about":[{"href":"https:\/\/faktumonline.com\/fr\/wp-json\/wp\/v2\/types\/page"}],"author":[{"embeddable":true,"href":"https:\/\/faktumonline.com\/fr\/wp-json\/wp\/v2\/users\/2"}],"replies":[{"embeddable":true,"href":"https:\/\/faktumonline.com\/fr\/wp-json\/wp\/v2\/comments?post=65091"}],"version-history":[{"count":1,"href":"https:\/\/faktumonline.com\/fr\/wp-json\/wp\/v2\/pages\/65091\/revisions"}],"predecessor-version":[{"id":65092,"href":"https:\/\/faktumonline.com\/fr\/wp-json\/wp\/v2\/pages\/65091\/revisions\/65092"}],"wp:attachment":[{"href":"https:\/\/faktumonline.com\/fr\/wp-json\/wp\/v2\/media?parent=65091"}],"curies":[{"name":"wp","href":"https:\/\/api.w.org\/{rel}","templated":true}]}}