{"id":134923,"date":"2025-01-27T15:20:57","date_gmt":"2025-01-27T14:20:57","guid":{"rendered":"https:\/\/faktumonline.com\/preis-bestellung\/auswahl-von-faktum-tueren-und-fronten\/"},"modified":"2026-02-24T08:23:08","modified_gmt":"2026-02-24T07:23:08","slug":"auswahl-von-faktum-tueren-und-fronten","status":"publish","type":"page","link":"https:\/\/faktumonline.com\/de\/preis-bestellung\/auswahl-von-faktum-tueren-und-fronten\/","title":{"rendered":"Auswahl von Faktum T\u00fcren und Fronten"},"content":{"rendered":"\t\t<div data-elementor-type=\"wp-page\" data-elementor-id=\"134923\" class=\"elementor elementor-134923 elementor-134227\" data-elementor-settings=\"{&quot;ha_cmc_init_switcher&quot;:&quot;no&quot;}\" data-elementor-post-type=\"page\">\n\t\t\t\t<div class=\"elementor-element elementor-element-bf4ce32 e-flex e-con-boxed e-con e-parent\" data-id=\"bf4ce32\" data-element_type=\"container\" data-e-type=\"container\" data-settings=\"{&quot;background_background&quot;:&quot;classic&quot;,&quot;_ha_eqh_enable&quot;:false}\">\n\t\t\t\t\t<div class=\"e-con-inner\">\n\t\t\t\t<div class=\"elementor-element elementor-element-e7ed2b5 elementor-widget elementor-widget-heading\" data-id=\"e7ed2b5\" data-element_type=\"widget\" data-e-type=\"widget\" data-widget_type=\"heading.default\">\n\t\t\t\t<div class=\"elementor-widget-container\">\n\t\t\t\t\t<h2 class=\"elementor-heading-title elementor-size-default\">Auswahl von Faktum T\u00fcren und Fronten<\/h2>\t\t\t\t<\/div>\n\t\t\t\t<\/div>\n\t\t\t\t<div class=\"elementor-element elementor-element-b8cd9b8 elementor-widget elementor-widget-heading\" data-id=\"b8cd9b8\" data-element_type=\"widget\" data-e-type=\"widget\" data-widget_type=\"heading.default\">\n\t\t\t\t<div class=\"elementor-widget-container\">\n\t\t\t\t\t<h2 class=\"elementor-heading-title elementor-size-default\">Bitte gehen Sie zum Preis &amp; Bestellung Seite, wo Sie entsprechend Ihren W\u00fcnschen T\u00fcren und Fronten ausw\u00e4hlen k\u00f6nnen.<\/h2>\t\t\t\t<\/div>\n\t\t\t\t<\/div>\n\t\t\t\t\t<\/div>\n\t\t\t\t<\/div>\n\t\t<div class=\"elementor-element elementor-element-b4526f0 e-flex e-con-boxed e-con e-parent\" data-id=\"b4526f0\" data-element_type=\"container\" data-e-type=\"container\" data-settings=\"{&quot;_ha_eqh_enable&quot;:false}\">\n\t\t\t\t\t<div class=\"e-con-inner\">\n\t\t\t\t<div class=\"elementor-element elementor-element-19b43bd ha-mode--comfy ha-direction--right elementor-widget elementor-widget-ha-list-group happy-addon ha-list-group happy-addon-pro\" data-id=\"19b43bd\" data-element_type=\"widget\" data-e-type=\"widget\" data-widget_type=\"ha-list-group.default\">\n\t\t\t\t<div class=\"elementor-widget-container\">\n\t\t\t\t\t\n        <ul class=\"ha-list-wrap\">\n            \n                <li class=\"ha-list-item ha-list-item-custom elementor-repeater-item-01caf73\">\n\n                                        <a class=\"ha-link\" href=\"https:\/\/faktumonline.com\/de\/preis-und-bestellseite\/\">\n                    \n                        <div class=\"ha-item-wrap\">\n\n\t\t\t\t\t\t\t                                <div class=\"ha-icon image\">\n                                    <img decoding=\"async\" src=\"https:\/\/faktumonline.com\/wp-content\/uploads\/2025\/01\/W028-Hero-Left-150x150.webp\" alt=\"Traditionelle T\u00fcren\" \/>\n                                <\/div>\n\n                            \n                            <div class=\"ha-text\">\n\t\t\t\t\t\t\t\t\t<!-- title tag start -->\n                                    <h4 class=\"ha-list-title\">\n                                        Traditionelle T\u00fcren                                                                                    <span class=\"ha-badge\">Weiter zum Preis &amp; Bestellung Seite<\/span>\n                                                                            <\/h4>\n\t\t\t\t\t\t\t\t\t<!-- title tag end -->\n\n                                                                    <p class=\"ha-list-detail\">\n                                        Traditionelle T\u00fcren und Fronten f\u00fcr Kn\u00f6pfe und Griffe. Standardfarben                                    <\/p>\n                                                            <\/div>\n\n                                                            <div class=\"ha-direction\">\n\t\t\t\t\t\t\t\t\t<i aria-hidden=\"true\" class=\"huge huge-square-arrow-right-02-round\"><\/i>                                <\/div>\n                            \n                        <\/div>\n\n                                        <\/a>\n                    \n                <\/li>\n\n            \n                <li class=\"ha-list-item ha-list-item-custom elementor-repeater-item-fa2f2be\">\n\n                                        <a class=\"ha-link\" href=\"https:\/\/faktumonline.com\/de\/kuechentueren-und-fronten-mit-integrierten-griffen-fuer-ikea-faktum-kuechen-preis-bestellung\/\">\n                    \n                        <div class=\"ha-item-wrap\">\n\n\t\t\t\t\t\t\t                                <div class=\"ha-icon image\">\n                                    <img decoding=\"async\" src=\"https:\/\/faktumonline.com\/wp-content\/uploads\/2025\/01\/U12-Hero-White-150x150.webp\" alt=\"Integrierte Griffe\" \/>\n                                <\/div>\n\n                            \n                            <div class=\"ha-text\">\n\t\t\t\t\t\t\t\t\t<!-- title tag start -->\n                                    <h4 class=\"ha-list-title\">\n                                        Integrierte Griffe                                                                                    <span class=\"ha-badge\">Weiter zum Preis &amp; Bestellung Seite<\/span>\n                                                                            <\/h4>\n\t\t\t\t\t\t\t\t\t<!-- title tag end -->\n\n                                                                    <p class=\"ha-list-detail\">\n                                        T\u00fcren und Fronten mit integrierten Griffen. Standardfarben                                    <\/p>\n                                                            <\/div>\n\n                                                            <div class=\"ha-direction\">\n\t\t\t\t\t\t\t\t\t<i aria-hidden=\"true\" class=\"huge huge-square-arrow-right-02-round\"><\/i>                                <\/div>\n                            \n                        <\/div>\n\n                                        <\/a>\n                    \n                <\/li>\n\n            \n                <li class=\"ha-list-item ha-list-item-custom elementor-repeater-item-8031bcc\">\n\n                                        <a class=\"ha-link\" href=\"https:\/\/faktumonline.com\/de\/preis-bestellung\/hochglanz-kuechentueren-und-fronten-fuer-ikea-faktum-kuechen-alvic-luxe\/\">\n                    \n                        <div class=\"ha-item-wrap\">\n\n\t\t\t\t\t\t\t                                <div class=\"ha-icon image\">\n                                    <img decoding=\"async\" src=\"https:\/\/faktumonline.com\/wp-content\/uploads\/2025\/01\/Gloss-HG9700-150x150.jpg\" alt=\"Hochglanzfarben\" \/>\n                                <\/div>\n\n                            \n                            <div class=\"ha-text\">\n\t\t\t\t\t\t\t\t\t<!-- title tag start -->\n                                    <h4 class=\"ha-list-title\">\n                                        Hochglanzfarben                                                                                    <span class=\"ha-badge\">Weiter zum Preis &amp; Bestellung Seite<\/span>\n                                                                            <\/h4>\n\t\t\t\t\t\t\t\t\t<!-- title tag end -->\n\n                                                                    <p class=\"ha-list-detail\">\n                                        T\u00fcren und Fronten in Hochglanzfarben \u201eAlvic Luxe\u201c                                    <\/p>\n                                                            <\/div>\n\n                                                            <div class=\"ha-direction\">\n\t\t\t\t\t\t\t\t\t<i aria-hidden=\"true\" class=\"huge huge-square-arrow-right-02-round\"><\/i>                                <\/div>\n                            \n                        <\/div>\n\n                                        <\/a>\n                    \n                <\/li>\n\n            \n                <li class=\"ha-list-item ha-list-item-custom elementor-repeater-item-1517d06\">\n\n                                        <a class=\"ha-link\" href=\"https:\/\/faktumonline.com\/de\/furnierte-tueren-und-fronten-fuer-ikea-faktum-kuechen-tueren-aus-echtem-holz-preis-bestellung\/\">\n                    \n                        <div class=\"ha-item-wrap\">\n\n\t\t\t\t\t\t\t                                <div class=\"ha-icon image\">\n                                    <img decoding=\"async\" src=\"https:\/\/faktumonline.com\/wp-content\/uploads\/2024\/02\/Veneer-Colage.jpg\" alt=\"Echtholz\" \/>\n                                <\/div>\n\n                            \n                            <div class=\"ha-text\">\n\t\t\t\t\t\t\t\t\t<!-- title tag start -->\n                                    <h4 class=\"ha-list-title\">\n                                        Echtholz                                                                                    <span class=\"ha-badge\">Weiter zum Preis &amp; Bestellung Seite<\/span>\n                                                                            <\/h4>\n\t\t\t\t\t\t\t\t\t<!-- title tag end -->\n\n                                                                    <p class=\"ha-list-detail\">\n                                        Furnierte T\u00fcren und Fronten aus Echtholz                                    <\/p>\n                                                            <\/div>\n\n                                                            <div class=\"ha-direction\">\n\t\t\t\t\t\t\t\t\t<i aria-hidden=\"true\" class=\"huge huge-square-arrow-right-02-round\"><\/i>                                <\/div>\n                            \n                        <\/div>\n\n                                        <\/a>\n                    \n                <\/li>\n\n            \n                <li class=\"ha-list-item ha-list-item-custom elementor-repeater-item-f65def0\">\n\n                                        <a class=\"ha-link\" href=\"https:\/\/faktumonline.com\/de\/schraenke-und-schubladen-fuer-ikea-faktum-kuechen-faktumonline-deutschland\/\">\n                    \n                        <div class=\"ha-item-wrap\">\n\n\t\t\t\t\t\t\t                                <div class=\"ha-icon image\">\n                                    <img decoding=\"async\" src=\"https:\/\/faktumonline.com\/wp-content\/uploads\/2019\/08\/Base-Cabinet-80x70-1-150x150.png\" alt=\"Schr\u00e4nke\" \/>\n                                <\/div>\n\n                            \n                            <div class=\"ha-text\">\n\t\t\t\t\t\t\t\t\t<!-- title tag start -->\n                                    <h4 class=\"ha-list-title\">\n                                        Schr\u00e4nke                                                                                    <span class=\"ha-badge\">Weiter zum Preis &amp; Bestellung Seite<\/span>\n                                                                            <\/h4>\n\t\t\t\t\t\t\t\t\t<!-- title tag end -->\n\n                                                                    <p class=\"ha-list-detail\">\n                                        Schr\u00e4nke, B\u00f6den, Schubladen und Scharniere usw.                                    <\/p>\n                                                            <\/div>\n\n                                                            <div class=\"ha-direction\">\n\t\t\t\t\t\t\t\t\t<i aria-hidden=\"true\" class=\"huge huge-square-arrow-right-02-round\"><\/i>                                <\/div>\n                            \n                        <\/div>\n\n                                        <\/a>\n                    \n                <\/li>\n\n                    <\/ul>\n\n        \t\t\t\t<\/div>\n\t\t\t\t<\/div>\n\t\t\t\t\t<\/div>\n\t\t\t\t<\/div>\n\t\t\t\t<\/div>\n\t\t","protected":false},"excerpt":{"rendered":"<p>Auswahl von Faktum T\u00fcren und Fronten Bitte gehen Sie zum Preis &amp; Bestellung Seite, wo Sie entsprechend Ihren W\u00fcnschen T\u00fcren und Fronten ausw\u00e4hlen k\u00f6nnen. Traditionelle T\u00fcren Weiter zum Preis &amp; Bestellung Seite Traditionelle T\u00fcren und Fronten f\u00fcr Kn\u00f6pfe und Griffe. Standardfarben Integrierte Griffe Weiter zum Preis &amp; Bestellung Seite T\u00fcren und Fronten mit integrierten Griffen. &#8230; <a title=\"Auswahl von Faktum T\u00fcren und Fronten\" class=\"read-more\" href=\"https:\/\/faktumonline.com\/de\/preis-bestellung\/auswahl-von-faktum-tueren-und-fronten\/\" aria-label=\"Mehr Informationen \u00fcber Auswahl von Faktum T\u00fcren und Fronten\">Weiterlesen<\/a><\/p>\n","protected":false},"author":2,"featured_media":0,"parent":80356,"menu_order":0,"comment_status":"closed","ping_status":"closed","template":"elementor_header_footer","meta":{"footnotes":""},"class_list":["post-134923","page","type-page","status-publish"],"yoast_head":"<!-- This site is optimized with the Yoast SEO Premium plugin v27.4 (Yoast SEO v27.4) - https:\/\/yoast.com\/product\/yoast-seo-premium-wordpress\/ -->\n<title>Auswahl von Faktum T\u00fcren und Fronten - Faktum Online Store<\/title>\n<meta name=\"robots\" content=\"index, follow, max-snippet:-1, max-image-preview:large, max-video-preview:-1\" \/>\n<link rel=\"canonical\" href=\"https:\/\/faktumonline.com\/de\/preis-bestellung\/auswahl-von-faktum-tueren-und-fronten\/\" \/>\n<meta property=\"og:locale\" content=\"de_DE\" \/>\n<meta property=\"og:type\" content=\"article\" \/>\n<meta property=\"og:title\" content=\"Auswahl von Faktum T\u00fcren und Fronten\" \/>\n<meta property=\"og:description\" content=\"Auswahl von Faktum T\u00fcren und Fronten Bitte gehen Sie zum Preis &amp; Bestellung Seite, wo Sie entsprechend Ihren W\u00fcnschen T\u00fcren und Fronten ausw\u00e4hlen k\u00f6nnen. Traditionelle T\u00fcren Weiter zum Preis &amp; Bestellung Seite Traditionelle T\u00fcren und Fronten f\u00fcr Kn\u00f6pfe und Griffe. Standardfarben Integrierte Griffe Weiter zum Preis &amp; Bestellung Seite T\u00fcren und Fronten mit integrierten Griffen. ... Weiterlesen\" \/>\n<meta property=\"og:url\" content=\"https:\/\/faktumonline.com\/de\/preis-bestellung\/auswahl-von-faktum-tueren-und-fronten\/\" \/>\n<meta property=\"og:site_name\" content=\"Faktum Online Store\" \/>\n<meta property=\"article:modified_time\" content=\"2026-02-24T07:23:08+00:00\" \/>\n<meta property=\"og:image\" content=\"https:\/\/faktumonline.com\/wp-content\/uploads\/2025\/01\/W028-Hero-Left-150x150.webp\" \/>\n<meta name=\"twitter:card\" content=\"summary_large_image\" \/>\n<meta name=\"twitter:label1\" content=\"Gesch\u00e4tzte Lesezeit\" \/>\n\t<meta name=\"twitter:data1\" content=\"2\u00a0Minuten\" \/>\n<script type=\"application\/ld+json\" class=\"yoast-schema-graph\">{\"@context\":\"https:\\\/\\\/schema.org\",\"@graph\":[{\"@type\":\"WebPage\",\"@id\":\"https:\\\/\\\/faktumonline.com\\\/de\\\/preis-bestellung\\\/auswahl-von-faktum-tueren-und-fronten\\\/\",\"url\":\"https:\\\/\\\/faktumonline.com\\\/de\\\/preis-bestellung\\\/auswahl-von-faktum-tueren-und-fronten\\\/\",\"name\":\"Auswahl von Faktum T\u00fcren und Fronten - Faktum Online Store\",\"isPartOf\":{\"@id\":\"https:\\\/\\\/faktumonline.com\\\/da\\\/#website\"},\"primaryImageOfPage\":{\"@id\":\"https:\\\/\\\/faktumonline.com\\\/de\\\/preis-bestellung\\\/auswahl-von-faktum-tueren-und-fronten\\\/#primaryimage\"},\"image\":{\"@id\":\"https:\\\/\\\/faktumonline.com\\\/de\\\/preis-bestellung\\\/auswahl-von-faktum-tueren-und-fronten\\\/#primaryimage\"},\"thumbnailUrl\":\"https:\\\/\\\/faktumonline.com\\\/wp-content\\\/uploads\\\/2025\\\/01\\\/W028-Hero-Left-150x150.webp\",\"datePublished\":\"2025-01-27T14:20:57+00:00\",\"dateModified\":\"2026-02-24T07:23:08+00:00\",\"breadcrumb\":{\"@id\":\"https:\\\/\\\/faktumonline.com\\\/de\\\/preis-bestellung\\\/auswahl-von-faktum-tueren-und-fronten\\\/#breadcrumb\"},\"inLanguage\":\"de\",\"potentialAction\":[{\"@type\":\"ReadAction\",\"target\":[\"https:\\\/\\\/faktumonline.com\\\/de\\\/preis-bestellung\\\/auswahl-von-faktum-tueren-und-fronten\\\/\"]}]},{\"@type\":\"ImageObject\",\"inLanguage\":\"de\",\"@id\":\"https:\\\/\\\/faktumonline.com\\\/de\\\/preis-bestellung\\\/auswahl-von-faktum-tueren-und-fronten\\\/#primaryimage\",\"url\":\"https:\\\/\\\/faktumonline.com\\\/wp-content\\\/uploads\\\/2025\\\/01\\\/W028-Hero-Left-150x150.webp\",\"contentUrl\":\"https:\\\/\\\/faktumonline.com\\\/wp-content\\\/uploads\\\/2025\\\/01\\\/W028-Hero-Left-150x150.webp\"},{\"@type\":\"BreadcrumbList\",\"@id\":\"https:\\\/\\\/faktumonline.com\\\/de\\\/preis-bestellung\\\/auswahl-von-faktum-tueren-und-fronten\\\/#breadcrumb\",\"itemListElement\":[{\"@type\":\"ListItem\",\"position\":1,\"name\":\"Hem\",\"item\":\"https:\\\/\\\/faktumonline.com\\\/de\\\/\"},{\"@type\":\"ListItem\",\"position\":2,\"name\":\"Preis &#038; Bestellung\",\"item\":\"https:\\\/\\\/faktumonline.com\\\/de\\\/preis-bestellung\\\/\"},{\"@type\":\"ListItem\",\"position\":3,\"name\":\"Auswahl von Faktum T\u00fcren und Fronten\"}]},{\"@type\":\"WebSite\",\"@id\":\"https:\\\/\\\/faktumonline.com\\\/da\\\/#website\",\"url\":\"https:\\\/\\\/faktumonline.com\\\/da\\\/\",\"name\":\"Faktum Online Store\",\"description\":\"Premium doors for IKEA kitchens\",\"potentialAction\":[{\"@type\":\"SearchAction\",\"target\":{\"@type\":\"EntryPoint\",\"urlTemplate\":\"https:\\\/\\\/faktumonline.com\\\/da\\\/?s={search_term_string}\"},\"query-input\":{\"@type\":\"PropertyValueSpecification\",\"valueRequired\":true,\"valueName\":\"search_term_string\"}}],\"inLanguage\":\"de\"}]}<\/script>\n<!-- \/ Yoast SEO Premium plugin. -->","yoast_head_json":{"title":"Auswahl von Faktum T\u00fcren und Fronten - Faktum Online Store","robots":{"index":"index","follow":"follow","max-snippet":"max-snippet:-1","max-image-preview":"max-image-preview:large","max-video-preview":"max-video-preview:-1"},"canonical":"https:\/\/faktumonline.com\/de\/preis-bestellung\/auswahl-von-faktum-tueren-und-fronten\/","og_locale":"de_DE","og_type":"article","og_title":"Auswahl von Faktum T\u00fcren und Fronten","og_description":"Auswahl von Faktum T\u00fcren und Fronten Bitte gehen Sie zum Preis &amp; Bestellung Seite, wo Sie entsprechend Ihren W\u00fcnschen T\u00fcren und Fronten ausw\u00e4hlen k\u00f6nnen. Traditionelle T\u00fcren Weiter zum Preis &amp; Bestellung Seite Traditionelle T\u00fcren und Fronten f\u00fcr Kn\u00f6pfe und Griffe. Standardfarben Integrierte Griffe Weiter zum Preis &amp; Bestellung Seite T\u00fcren und Fronten mit integrierten Griffen. ... Weiterlesen","og_url":"https:\/\/faktumonline.com\/de\/preis-bestellung\/auswahl-von-faktum-tueren-und-fronten\/","og_site_name":"Faktum Online Store","article_modified_time":"2026-02-24T07:23:08+00:00","og_image":[{"url":"https:\/\/faktumonline.com\/wp-content\/uploads\/2025\/01\/W028-Hero-Left-150x150.webp","type":"","width":"","height":""}],"twitter_card":"summary_large_image","twitter_misc":{"Gesch\u00e4tzte Lesezeit":"2\u00a0Minuten"},"schema":{"@context":"https:\/\/schema.org","@graph":[{"@type":"WebPage","@id":"https:\/\/faktumonline.com\/de\/preis-bestellung\/auswahl-von-faktum-tueren-und-fronten\/","url":"https:\/\/faktumonline.com\/de\/preis-bestellung\/auswahl-von-faktum-tueren-und-fronten\/","name":"Auswahl von Faktum T\u00fcren und Fronten - Faktum Online Store","isPartOf":{"@id":"https:\/\/faktumonline.com\/da\/#website"},"primaryImageOfPage":{"@id":"https:\/\/faktumonline.com\/de\/preis-bestellung\/auswahl-von-faktum-tueren-und-fronten\/#primaryimage"},"image":{"@id":"https:\/\/faktumonline.com\/de\/preis-bestellung\/auswahl-von-faktum-tueren-und-fronten\/#primaryimage"},"thumbnailUrl":"https:\/\/faktumonline.com\/wp-content\/uploads\/2025\/01\/W028-Hero-Left-150x150.webp","datePublished":"2025-01-27T14:20:57+00:00","dateModified":"2026-02-24T07:23:08+00:00","breadcrumb":{"@id":"https:\/\/faktumonline.com\/de\/preis-bestellung\/auswahl-von-faktum-tueren-und-fronten\/#breadcrumb"},"inLanguage":"de","potentialAction":[{"@type":"ReadAction","target":["https:\/\/faktumonline.com\/de\/preis-bestellung\/auswahl-von-faktum-tueren-und-fronten\/"]}]},{"@type":"ImageObject","inLanguage":"de","@id":"https:\/\/faktumonline.com\/de\/preis-bestellung\/auswahl-von-faktum-tueren-und-fronten\/#primaryimage","url":"https:\/\/faktumonline.com\/wp-content\/uploads\/2025\/01\/W028-Hero-Left-150x150.webp","contentUrl":"https:\/\/faktumonline.com\/wp-content\/uploads\/2025\/01\/W028-Hero-Left-150x150.webp"},{"@type":"BreadcrumbList","@id":"https:\/\/faktumonline.com\/de\/preis-bestellung\/auswahl-von-faktum-tueren-und-fronten\/#breadcrumb","itemListElement":[{"@type":"ListItem","position":1,"name":"Hem","item":"https:\/\/faktumonline.com\/de\/"},{"@type":"ListItem","position":2,"name":"Preis &#038; Bestellung","item":"https:\/\/faktumonline.com\/de\/preis-bestellung\/"},{"@type":"ListItem","position":3,"name":"Auswahl von Faktum T\u00fcren und Fronten"}]},{"@type":"WebSite","@id":"https:\/\/faktumonline.com\/da\/#website","url":"https:\/\/faktumonline.com\/da\/","name":"Faktum Online Store","description":"Premium doors for IKEA kitchens","potentialAction":[{"@type":"SearchAction","target":{"@type":"EntryPoint","urlTemplate":"https:\/\/faktumonline.com\/da\/?s={search_term_string}"},"query-input":{"@type":"PropertyValueSpecification","valueRequired":true,"valueName":"search_term_string"}}],"inLanguage":"de"}]}},"_links":{"self":[{"href":"https:\/\/faktumonline.com\/de\/wp-json\/wp\/v2\/pages\/134923","targetHints":{"allow":["GET"]}}],"collection":[{"href":"https:\/\/faktumonline.com\/de\/wp-json\/wp\/v2\/pages"}],"about":[{"href":"https:\/\/faktumonline.com\/de\/wp-json\/wp\/v2\/types\/page"}],"author":[{"embeddable":true,"href":"https:\/\/faktumonline.com\/de\/wp-json\/wp\/v2\/users\/2"}],"replies":[{"embeddable":true,"href":"https:\/\/faktumonline.com\/de\/wp-json\/wp\/v2\/comments?post=134923"}],"version-history":[{"count":15,"href":"https:\/\/faktumonline.com\/de\/wp-json\/wp\/v2\/pages\/134923\/revisions"}],"predecessor-version":[{"id":157439,"href":"https:\/\/faktumonline.com\/de\/wp-json\/wp\/v2\/pages\/134923\/revisions\/157439"}],"up":[{"embeddable":true,"href":"https:\/\/faktumonline.com\/de\/wp-json\/wp\/v2\/pages\/80356"}],"wp:attachment":[{"href":"https:\/\/faktumonline.com\/de\/wp-json\/wp\/v2\/media?parent=134923"}],"curies":[{"name":"wp","href":"https:\/\/api.w.org\/{rel}","templated":true}]}}